{"id":206,"date":"2017-05-18T12:14:12","date_gmt":"2017-05-18T11:14:12","guid":{"rendered":"http:\/\/milimetricserver.com\/moodnatural\/?page_id=206"},"modified":"2020-02-04T15:39:50","modified_gmt":"2020-02-04T14:39:50","slug":"historia-mediterrania","status":"publish","type":"page","link":"https:\/\/www.moodnatural.com\/ca\/cosmetica-sostenible\/historia-mediterrania\/","title":{"rendered":"Hist\u00f2ria"},"content":{"rendered":"<p>[vc_section full_width=&#8221;stretch_row_content&#8221; css=&#8221;.vc_custom_1495100990621{padding: 0px !important;background-color: #fcfbf7 !important;}&#8221;][vc_row dfd_row_config=&#8221;default_row_no_paddings&#8221; dfd_bg_style=&#8221;image&#8221; dfd_bg_image_new=&#8221;117&#8243; dfd_bg_image_repeat=&#8221;no-repeat&#8221;][vc_column]<div class=\"dfd-heading-shortcode\"><div class=\"dfd-heading-module-wrap  text-center style_01 dfd-heading-69f461e9b17cf dfd-enable-resposive-headings\" id=\"dfd-heading-69f461e9b17cf\" ><div class=\"inline-block\"><div class=\"dfd-heading-module\"><h2 class=\"widget-title dfd-title \" style=\"\">D&#8217;on venim<\/h2><div class=\"dfd-heading-delimiter\"><\/div><\/div><\/div><\/div><script type=\"text\/javascript\">\r\n\t\t\t\t\t\t\t\t\t(function($) {\r\n\t\t\t\t\t\t\t\t\t\t$(\"head\").append(\"<style>.dfd-heading-69f461e9b17cf.dfd-heading-module-wrap .dfd-heading-module .dfd-heading-delimiter {border-bottom-style:solid;border-bottom-width:1px;width:60px;border-bottom-color:#9f8982;}.dfd-heading-69f461e9b17cf .dfd-heading-module .widget-title {margin-top:60px;margin-bottom:0px;}.dfd-heading-69f461e9b17cf.dfd-heading-module-wrap .dfd-heading-module .dfd-heading-delimiter {margin-top:10px;margin-bottom:50px;}<\/style>\");\r\n\t\t\t\t\t\t\t\t\t})(jQuery);\r\n\t\t\t\t\t\t\t\t<\/script><\/div>[\/vc_column][\/vc_row][vc_row css=&#8221;.vc_custom_1495103898202{padding-bottom: 60px !important;}&#8221;][vc_column width=&#8221;1\/6&#8243;][\/vc_column][vc_column width=&#8221;2\/3&#8243;][vc_column_text css=&#8221;.vc_custom_1509350497856{margin-bottom: 30px !important;}&#8221;]Elena Guasch i Laia Guasch, tieta i neboda, s\u00f3n la quarta i cinquena generaci\u00f3 de dones d\u2019una fam\u00edlia amb inquietud per tractar i guarir de forma natural els mals de la pell, del cos i de la ment. Amb gran inter\u00e8s per extreure el bo i millor de la natura, la bes\u00e0via Ant\u00f2nia treballava amb ingredients naturals per elaborar remeis capa\u00e7os de guarir i curar tots els mals. Amb poques eines i molt coneixement de les virtuts medicinals de les plantes i herbes, exercia l\u2019ofici de remeiera des del que era casa seva a Agramunt, Lleida.[\/vc_column_text][vc_column_text css=&#8221;.vc_custom_1580827020009{margin-bottom: 20px !important;padding-right: 25% !important;}&#8221;]<\/p>\n<h4><strong>Ja al segle XIX, la bes\u00e0via Ant\u00f2nia Santacreu era coneguda pel seu ofici de trementinaire<\/strong>.<\/h4>\n<p>[\/vc_column_text][vc_column_text css=&#8221;.vc_custom_1505748325392{margin-bottom: 60px !important;}&#8221;]El nom de trementinaire es deu a la trementina, que era el remei amb el qu\u00e8 m\u00e9s treballava i que m\u00e9s popularitat tenia. Si b\u00e9 habitualment les trementinaires marxaven a fer rutes definides per oferir els seus remeis de forma personal als ve\u00efns i pobladors de les diferents vil\u00b7les, la bes\u00e0via Ant\u00f2nia acostumava a oferir els remeis a aquelles persones que s\u2019acostaven a casa seva; i en venien de tot Catalunya a visitar-se per ella i a buscar-ne els pegats, especialment quan era fira.<\/p>\n<p>[\/vc_column_text][vc_row_inner][vc_column_inner width=&#8221;1\/3&#8243;][vc_single_image image=&#8221;898&#8243; img_size=&#8221;full&#8221; onclick=&#8221;link_image&#8221;][\/vc_column_inner][vc_column_inner width=&#8221;2\/3&#8243;][vc_column_text css=&#8221;.vc_custom_1580827084516{margin-bottom: 60px !important;}&#8221;]<\/p>\n<h3>BES\u00c0VIA ANT\u00d2NIA<\/h3>\n<p>Tots els ingredients amb els qu\u00e8 treballava la bes\u00e0via Ant\u00f2nia eren t\u00edpics de la zona mediterr\u00e0nia. Per exemple, la trementina la preparava extraient la resina del pi roig, purificant-la i fent-la passar de textura s\u00f2lida a una textura similar a la pega. D\u2019aqu\u00ed en treia el que anomenava pega negra. Per fer-ho, solia treballar amb un recipient de terrissa arrodonit i hi afegia altres ingredients perqu\u00e8 la seva trementina fos \u00fanica. Un cop la trementina tenia la textura adequada, l\u2019estenia sobre paper d\u2019estrassa i, un cop freda, ja es podia aplicar a la zona afectada en forma de pegat. Segons els actius que afegia al pegat, aquests podien ser utilitzats per calmar el dolor, el mal de pit, els cops, la inflamaci\u00f3, les picors o les ferides, entre d\u2019altres. Totes les herbes que utilitzava les anava a collir ella personalment, ja que era qui millor coneixia el punt \u00f2ptim de cada planta.\u00a0Un dels ingredients amb qu\u00e8 treballava la bes\u00e0via Ant\u00f2nia era l\u2019Herba de Sant Joan. Tamb\u00e9 anomenada <em>Hypericum perforatum<\/em>, alberga un preuat oli essencial dins de petites gl\u00e0ndules o vacuoles que es poden apreciar, per exemple, si mirem una de les fulles a contrallum, ja que hi veurem petits \u201cforats\u201d (d\u2019aqu\u00ed el <em>perforatum<\/em>) amb l\u2019oli essencial.<\/p>\n<p>\u00c9s una planta envoltada de m\u00e0gia i creences, i rep el seu nom perqu\u00e8 \u00e9s la nit de Sant Joan quan l\u2019oli essencial es troba en el seu punt \u00f2ptim de qualitat i propietats. Si b\u00e9 a l\u2019edat mitjana es creia que era capa\u00e7 de foragitar els mals esperits, la bes\u00e0via Ant\u00f2nia n\u2019apreciava les seves propietats t\u00f2piques com a regenerador de la pell, cicatritzant, antiinflamatori i antis\u00e8ptic, a m\u00e9s de ser molt \u00fatil per cops i traumatismes. Ella sempre deia: Qui t\u00e9 oli de peric\u00f3, no li cal metge ni doctor. Per\u00f2 l\u2019Herba de Sant Joan tamb\u00e9 t\u00e9 propietats relaxants i estimuladores d\u2019un bon estat d\u2019\u00e0nim, pel qu\u00e8 les seves propietats encara anaven molt m\u00e9s lluny. Un dels seus pegats m\u00e9s preuats era precisament el d\u2019Herba de Sant Joan, que costava 7 pessetes i que ella aplicava als afligits i desanimats.<\/p>\n<p>Tot aquest coneixement i aplicaci\u00f3 dels actius naturals a la salut i benestar de les persones, la bes\u00e0via Ant\u00f2nia el va transmetre a la seva filla, l\u2019\u00e0via Maria, qui l\u2019ajudava des de ben petita a preparar els remeis i pegats. L\u2019\u00e0via Maria estava disposada a mantenir l\u2019activitat com a trementinaire de la seva mare i a seguir elaborant pegats curatius i bals\u00e0mics per aquelles persones que buscaven remeis naturals a problemes quotidians.\u00a0Treballant amb els mateixos estris i ingredients que la seva mare, l\u2019\u00e0via Maria va sentir n\u00e9ixer una nova inquietud respecte el benestar i la salut dels que ja confiaven en els seus pegats.[\/vc_column_text][\/vc_column_inner][\/vc_row_inner][vc_row_inner][vc_column_inner width=&#8221;1\/3&#8243;][vc_single_image image=&#8221;899&#8243; img_size=&#8221;full&#8221; onclick=&#8221;link_image&#8221;][\/vc_column_inner][vc_column_inner width=&#8221;2\/3&#8243;][vc_column_text css=&#8221;.vc_custom_1580827093160{margin-bottom: 60px !important;}&#8221;]<\/p>\n<h3>\u00c0VIA MARIA<\/h3>\n<p>I va comen\u00e7ar a donar import\u00e0ncia a l\u2019alimentaci\u00f3 i la nutrici\u00f3. Juntament amb el seu marit, l\u2019\u00e0via Maria va marxar del seu Agramunt natal cap a Barcelona, on va obrir el seu propi forn a la Ronda de Sant Pere. Eren temps de guerra per\u00f2 ella es mantingu\u00e9 ferma elaborant pa blanc i pa negre cada dia. Certament avan\u00e7ada a la seva \u00e8poca, l\u2019\u00e0via Maria va comen\u00e7ar a bolcar els coneixements dels actius naturals al m\u00f3n de la cuina per elaborar les seves pr\u00f2pies receptes que, a m\u00e9s d\u2019aportar nutrients i saciar la gana, promovien el benestar intestinal, milloraven un refredat o alleugerien una infecci\u00f3 d\u2019orina. Aix\u00ed doncs, va ser l\u2019\u00e0via Maria qui va comen\u00e7ar a entendre que el cos \u00e9s un conjunt, un cosmos en equilibri i que no nom\u00e9s se\u2019l podia guarir des de fora amb els pegats de trementina sin\u00f3 tamb\u00e9 des de dins amb uns aliments adequats a cada necessitat.\u00a0Tot aquest coneixement i aplicaci\u00f3 dels actius naturals a la salut i benestar de les persones, la bes\u00e0via Ant\u00f2nia el va transmetre a la seva filla, l\u2019\u00e0via Maria, qui l\u2019ajudava des de ben petita a preparar els remeis i pegats.[\/vc_column_text][\/vc_column_inner][\/vc_row_inner][vc_row_inner][vc_column_inner width=&#8221;1\/3&#8243;][vc_single_image image=&#8221;897&#8243; img_size=&#8221;full&#8221; onclick=&#8221;link_image&#8221;][\/vc_column_inner][vc_column_inner width=&#8221;2\/3&#8243;][vc_column_text css=&#8221;.vc_custom_1580827100633{margin-bottom: 60px !important;}&#8221;]<\/p>\n<h3>TONA<\/h3>\n<p>I de l\u2019\u00e0via Maria a la Tona, la seva filla. \u00c0nima lliure on n\u2019hi hagi. Treballadora, somiadora, forta i dona avan\u00e7ada al seu temps. La Tona no va seguir l\u2019ofici de trementinaire ni tampoc va endinsar-se en la nutrici\u00f3. Ella va casar-se i va anar a viure a Lleida, on va esdevenir empres\u00e0ria i comerciant del sector t\u00e8xtil, tot i que la seva ment treballava tamb\u00e9 en una altra direcci\u00f3: cultivar l\u2019\u00e0nima. Essent una dona fora del corrent, creia en la import\u00e0ncia d\u2019una ment equilibrada i una \u00e0nima treballada. Devorava llibres i sentia passi\u00f3 per la cultura, la dansa, per descobrir cultures\u2026 Va viatjar per tot Europa, Indon\u00e8sia, Jap\u00f3, Estats Units, Argentina i Singapur, entre d\u2019altres. D\u2019aqu\u00ed en va guanyar una actitud tolerant i una ment oberta. Aix\u00ed doncs, sense saber-ho, ella completava el cicle: PELL, COS i \u00c0NIMA.<\/p>\n<p>Gr\u00e0cies als coneixements, a l\u2019experi\u00e8ncia i a les ganes de viure de forma completa d\u2019aquestes tres dones que les han precedit, l\u2019Elena, filla de la Tona, i la Laia, n\u00e9ta de la Tona, han decidit agrupar tota la seva experi\u00e8ncia vital per crear <strong>Mood Natural Barcelona<\/strong>.<\/p>\n<p>Amb la seva formaci\u00f3, visi\u00f3 i coneixements, l\u2019Elena i la Laia han afegit ci\u00e8ncia, tecnologia i innovaci\u00f3 al llegat de l\u2019Ant\u00f2nia, la Maria i la Tona per construir una nova forma de fer salut i benestar sense oblidar les arrels mediterr\u00e0nies i la tradici\u00f3 de la seva fam\u00edlia. No \u00e9s casualitat, doncs, que <strong>Mood Natural Barcelona<\/strong> integri el benestar de la pell, el manteniment d\u2019un cos saludable i l\u2019exercici de l\u2019\u00e0nima aprofitant la tecnologia i la innovaci\u00f3 que ens ofereix el segle XXI.[\/vc_column_text][\/vc_column_inner][\/vc_row_inner][\/vc_column][vc_column width=&#8221;1\/6&#8243;][\/vc_column][\/vc_row][\/vc_section]<\/p>\n","protected":false},"excerpt":{"rendered":"<p>[vc_section full_width=&#8221;stretch_row_content&#8221; css=&#8221;.vc_custom_1495100990621{padding: 0px !important;background-color: #fcfbf7 !important;}&#8221;][vc_row dfd_row_config=&#8221;default_row_no_paddings&#8221; dfd_bg_style=&#8221;image&#8221; dfd_bg_image_new=&#8221;117&#8243; dfd_bg_image_repeat=&#8221;no-repeat&#8221;][vc_column][\/vc_column][\/vc_row][vc_row css=&#8221;.vc_custom_1495103898202{padding-bottom: 60px !important;}&#8221;][vc_column width=&#8221;1\/6&#8243;][\/vc_column][vc_column width=&#8221;2\/3&#8243;][vc_column_text css=&#8221;.vc_custom_1509350497856{margin-bottom: 30px !important;}&#8221;]Elena Guasch i Laia Guasch, tieta i neboda, s\u00f3n la quarta i<\/p>\n","protected":false},"author":1,"featured_media":0,"parent":158,"menu_order":0,"comment_status":"closed","ping_status":"closed","template":"page-custom-with-header.php","meta":{"_acf_changed":false,"footnotes":""},"class_list":["post-206","page","type-page","status-publish","hentry"],"acf":[],"yoast_head":"<!-- This site is optimized with the Yoast SEO plugin v24.7 - https:\/\/yoast.com\/wordpress\/plugins\/seo\/ -->\n<title>Historia Cosm\u00e8tica Mediterr\u00e0nia - Mood Natural<\/title>\n<meta name=\"description\" content=\"Mood Natural Barcelona \u00e9s la quarta i cinquena generaci\u00f3 d\u2019una llarga tradici\u00f3 familiar relacionada amb la Cura Natural, la Cosm\u00e8tica i la Mediterr\u00e0nia.\" \/>\n<meta name=\"robots\" content=\"index, follow, max-snippet:-1, max-image-preview:large, max-video-preview:-1\" \/>\n<link rel=\"canonical\" href=\"https:\/\/www.moodnatural.com\/ca\/cosmetica-sostenible\/historia-mediterrania\/\" \/>\n<meta property=\"og:locale\" content=\"ca_ES\" \/>\n<meta property=\"og:type\" content=\"article\" \/>\n<meta property=\"og:title\" content=\"Historia Cosm\u00e8tica Mediterr\u00e0nia - Mood Natural\" \/>\n<meta property=\"og:description\" content=\"Mood Natural Barcelona \u00e9s la quarta i cinquena generaci\u00f3 d\u2019una llarga tradici\u00f3 familiar relacionada amb la Cura Natural, la Cosm\u00e8tica i la Mediterr\u00e0nia.\" \/>\n<meta property=\"og:url\" content=\"https:\/\/www.moodnatural.com\/ca\/cosmetica-sostenible\/historia-mediterrania\/\" \/>\n<meta property=\"og:site_name\" content=\"Mood Natural\" \/>\n<meta property=\"article:modified_time\" content=\"2020-02-04T14:39:50+00:00\" \/>\n<meta name=\"twitter:card\" content=\"summary_large_image\" \/>\n<meta name=\"twitter:label1\" content=\"Temps estimat de lectura\" \/>\n\t<meta name=\"twitter:data1\" content=\"7 minuts\" \/>\n<script type=\"application\/ld+json\" class=\"yoast-schema-graph\">{\"@context\":\"https:\/\/schema.org\",\"@graph\":[{\"@type\":\"WebPage\",\"@id\":\"https:\/\/www.moodnatural.com\/ca\/cosmetica-sostenible\/historia-mediterrania\/\",\"url\":\"https:\/\/www.moodnatural.com\/ca\/cosmetica-sostenible\/historia-mediterrania\/\",\"name\":\"Historia Cosm\u00e8tica Mediterr\u00e0nia - Mood Natural\",\"isPartOf\":{\"@id\":\"https:\/\/www.moodnatural.com\/ca\/#website\"},\"datePublished\":\"2017-05-18T11:14:12+00:00\",\"dateModified\":\"2020-02-04T14:39:50+00:00\",\"description\":\"Mood Natural Barcelona \u00e9s la quarta i cinquena generaci\u00f3 d\u2019una llarga tradici\u00f3 familiar relacionada amb la Cura Natural, la Cosm\u00e8tica i la Mediterr\u00e0nia.\",\"breadcrumb\":{\"@id\":\"https:\/\/www.moodnatural.com\/ca\/cosmetica-sostenible\/historia-mediterrania\/#breadcrumb\"},\"inLanguage\":\"ca\",\"potentialAction\":[{\"@type\":\"ReadAction\",\"target\":[\"https:\/\/www.moodnatural.com\/ca\/cosmetica-sostenible\/historia-mediterrania\/\"]}]},{\"@type\":\"BreadcrumbList\",\"@id\":\"https:\/\/www.moodnatural.com\/ca\/cosmetica-sostenible\/historia-mediterrania\/#breadcrumb\",\"itemListElement\":[{\"@type\":\"ListItem\",\"position\":1,\"name\":\"Portada\",\"item\":\"https:\/\/www.moodnatural.com\/ca\/\"},{\"@type\":\"ListItem\",\"position\":2,\"name\":\"Els nostres pilars\",\"item\":\"https:\/\/www.moodnatural.com\/ca\/cosmetica-sostenible\/\"},{\"@type\":\"ListItem\",\"position\":3,\"name\":\"Hist\u00f2ria\"}]},{\"@type\":\"WebSite\",\"@id\":\"https:\/\/www.moodnatural.com\/ca\/#website\",\"url\":\"https:\/\/www.moodnatural.com\/ca\/\",\"name\":\"Mood Natural\",\"description\":\"Cosm\u00e9tica natural Barcelona\",\"publisher\":{\"@id\":\"https:\/\/www.moodnatural.com\/ca\/#organization\"},\"potentialAction\":[{\"@type\":\"SearchAction\",\"target\":{\"@type\":\"EntryPoint\",\"urlTemplate\":\"https:\/\/www.moodnatural.com\/ca\/?s={search_term_string}\"},\"query-input\":{\"@type\":\"PropertyValueSpecification\",\"valueRequired\":true,\"valueName\":\"search_term_string\"}}],\"inLanguage\":\"ca\"},{\"@type\":\"Organization\",\"@id\":\"https:\/\/www.moodnatural.com\/ca\/#organization\",\"name\":\"Mood Natural Barcelona\",\"url\":\"https:\/\/www.moodnatural.com\/ca\/\",\"logo\":{\"@type\":\"ImageObject\",\"inLanguage\":\"ca\",\"@id\":\"https:\/\/www.moodnatural.com\/ca\/#\/schema\/logo\/image\/\",\"url\":\"https:\/\/www.moodnatural.com\/wp-content\/uploads\/2017\/09\/logo-moodbarcelona-55.png\",\"contentUrl\":\"https:\/\/www.moodnatural.com\/wp-content\/uploads\/2017\/09\/logo-moodbarcelona-55.png\",\"width\":330,\"height\":55,\"caption\":\"Mood Natural Barcelona\"},\"image\":{\"@id\":\"https:\/\/www.moodnatural.com\/ca\/#\/schema\/logo\/image\/\"}}]}<\/script>\n<!-- \/ Yoast SEO plugin. -->","yoast_head_json":{"title":"Historia Cosm\u00e8tica Mediterr\u00e0nia - Mood Natural","description":"Mood Natural Barcelona \u00e9s la quarta i cinquena generaci\u00f3 d\u2019una llarga tradici\u00f3 familiar relacionada amb la Cura Natural, la Cosm\u00e8tica i la Mediterr\u00e0nia.","robots":{"index":"index","follow":"follow","max-snippet":"max-snippet:-1","max-image-preview":"max-image-preview:large","max-video-preview":"max-video-preview:-1"},"canonical":"https:\/\/www.moodnatural.com\/ca\/cosmetica-sostenible\/historia-mediterrania\/","og_locale":"ca_ES","og_type":"article","og_title":"Historia Cosm\u00e8tica Mediterr\u00e0nia - Mood Natural","og_description":"Mood Natural Barcelona \u00e9s la quarta i cinquena generaci\u00f3 d\u2019una llarga tradici\u00f3 familiar relacionada amb la Cura Natural, la Cosm\u00e8tica i la Mediterr\u00e0nia.","og_url":"https:\/\/www.moodnatural.com\/ca\/cosmetica-sostenible\/historia-mediterrania\/","og_site_name":"Mood Natural","article_modified_time":"2020-02-04T14:39:50+00:00","twitter_card":"summary_large_image","twitter_misc":{"Temps estimat de lectura":"7 minuts"},"schema":{"@context":"https:\/\/schema.org","@graph":[{"@type":"WebPage","@id":"https:\/\/www.moodnatural.com\/ca\/cosmetica-sostenible\/historia-mediterrania\/","url":"https:\/\/www.moodnatural.com\/ca\/cosmetica-sostenible\/historia-mediterrania\/","name":"Historia Cosm\u00e8tica Mediterr\u00e0nia - Mood Natural","isPartOf":{"@id":"https:\/\/www.moodnatural.com\/ca\/#website"},"datePublished":"2017-05-18T11:14:12+00:00","dateModified":"2020-02-04T14:39:50+00:00","description":"Mood Natural Barcelona \u00e9s la quarta i cinquena generaci\u00f3 d\u2019una llarga tradici\u00f3 familiar relacionada amb la Cura Natural, la Cosm\u00e8tica i la Mediterr\u00e0nia.","breadcrumb":{"@id":"https:\/\/www.moodnatural.com\/ca\/cosmetica-sostenible\/historia-mediterrania\/#breadcrumb"},"inLanguage":"ca","potentialAction":[{"@type":"ReadAction","target":["https:\/\/www.moodnatural.com\/ca\/cosmetica-sostenible\/historia-mediterrania\/"]}]},{"@type":"BreadcrumbList","@id":"https:\/\/www.moodnatural.com\/ca\/cosmetica-sostenible\/historia-mediterrania\/#breadcrumb","itemListElement":[{"@type":"ListItem","position":1,"name":"Portada","item":"https:\/\/www.moodnatural.com\/ca\/"},{"@type":"ListItem","position":2,"name":"Els nostres pilars","item":"https:\/\/www.moodnatural.com\/ca\/cosmetica-sostenible\/"},{"@type":"ListItem","position":3,"name":"Hist\u00f2ria"}]},{"@type":"WebSite","@id":"https:\/\/www.moodnatural.com\/ca\/#website","url":"https:\/\/www.moodnatural.com\/ca\/","name":"Mood Natural","description":"Cosm\u00e9tica natural Barcelona","publisher":{"@id":"https:\/\/www.moodnatural.com\/ca\/#organization"},"potentialAction":[{"@type":"SearchAction","target":{"@type":"EntryPoint","urlTemplate":"https:\/\/www.moodnatural.com\/ca\/?s={search_term_string}"},"query-input":{"@type":"PropertyValueSpecification","valueRequired":true,"valueName":"search_term_string"}}],"inLanguage":"ca"},{"@type":"Organization","@id":"https:\/\/www.moodnatural.com\/ca\/#organization","name":"Mood Natural Barcelona","url":"https:\/\/www.moodnatural.com\/ca\/","logo":{"@type":"ImageObject","inLanguage":"ca","@id":"https:\/\/www.moodnatural.com\/ca\/#\/schema\/logo\/image\/","url":"https:\/\/www.moodnatural.com\/wp-content\/uploads\/2017\/09\/logo-moodbarcelona-55.png","contentUrl":"https:\/\/www.moodnatural.com\/wp-content\/uploads\/2017\/09\/logo-moodbarcelona-55.png","width":330,"height":55,"caption":"Mood Natural Barcelona"},"image":{"@id":"https:\/\/www.moodnatural.com\/ca\/#\/schema\/logo\/image\/"}}]}},"_links":{"self":[{"href":"https:\/\/www.moodnatural.com\/ca\/wp-json\/wp\/v2\/pages\/206","targetHints":{"allow":["GET"]}}],"collection":[{"href":"https:\/\/www.moodnatural.com\/ca\/wp-json\/wp\/v2\/pages"}],"about":[{"href":"https:\/\/www.moodnatural.com\/ca\/wp-json\/wp\/v2\/types\/page"}],"author":[{"embeddable":true,"href":"https:\/\/www.moodnatural.com\/ca\/wp-json\/wp\/v2\/users\/1"}],"replies":[{"embeddable":true,"href":"https:\/\/www.moodnatural.com\/ca\/wp-json\/wp\/v2\/comments?post=206"}],"version-history":[{"count":0,"href":"https:\/\/www.moodnatural.com\/ca\/wp-json\/wp\/v2\/pages\/206\/revisions"}],"up":[{"embeddable":true,"href":"https:\/\/www.moodnatural.com\/ca\/wp-json\/wp\/v2\/pages\/158"}],"wp:attachment":[{"href":"https:\/\/www.moodnatural.com\/ca\/wp-json\/wp\/v2\/media?parent=206"}],"curies":[{"name":"wp","href":"https:\/\/api.w.org\/{rel}","templated":true}]}}