{"id":158,"date":"2017-05-17T14:40:31","date_gmt":"2017-05-17T13:40:31","guid":{"rendered":"http:\/\/milimetricserver.com\/moodnatural\/?page_id=158"},"modified":"2020-02-04T15:51:39","modified_gmt":"2020-02-04T14:51:39","slug":"cosmetica-sostenible","status":"publish","type":"page","link":"https:\/\/www.moodnatural.com\/ca\/cosmetica-sostenible\/","title":{"rendered":"Els nostres pilars"},"content":{"rendered":"<p>[vc_row force_equal_height_columns=&#8221;main_row&#8221; dfd_row_config=&#8221;full_width_content&#8221; dfd_row_responsive_enable=&#8221;off&#8221; el_class=&#8221;row-3cta row-2cta equals-cols minus-padding-on-mobile&#8221;][vc_column width=&#8221;1\/3&#8243; css=&#8221;.vc_custom_1505728724552{padding-top: 50px !important;padding-right: 50px !important;padding-bottom: 50px !important;padding-left: 50px !important;background-image: url(https:\/\/www.moodnatural.com\/wp-content\/uploads\/2017\/05\/bg-tri-17.jpg?id=666) !important;background-position: center !important;background-repeat: no-repeat !important;background-size: cover !important;}&#8221; el_class=&#8221;hover-effect&#8221;]<div id=\"idinfobox69ef200d957bc\" class=\"dfd-info-box clearfix style-01 layout-01  idinfobox69ef200d957bc text-center hover-up-box\" ><div class=\"dfd-animate-container\"><div class=\"icon-wrapper\"><div class=\"module-icon\" ><div class=\"hover-layer\" ><\/div><i class=\"featured-icon none\" style=\"opacity:1;\" ><\/i><\/div><\/div><h2 class=\"info-box-title \" style=\"\">Sostenibilitat<\/h2><h3 class=\"info-box-subtitle \" style=\"font-size: 24px; \">\u00e9s clau en tots els nostres productes<\/h3><div class=\"wrap-delimiter\"><div class=\"delimiter\" style=\"width:70px;border-width:2px;border-color:#eb806a;border-bottom-style:solid\"><\/div><\/div><div class=\"description\" style=\"\"><\/div><a href=\"#\"   class=\"full-box-link\"><\/a><\/div><\/div>[vc_column_text css=&#8221;.vc_custom_1580288338469{padding-top: 30px !important;padding-bottom: 30px !important;}&#8221;]<strong>Sostenibilitat per la teva pell <\/strong>perqu\u00e8 treballem amb f\u00f3rmules molt respectuoses per a tot tipus de pell. Els nostres productes de cosm\u00e8tica natural mediterr\u00e0nea estan fabricats sota <strong>alts est\u00e0ndards de qualitat <\/strong>i formulats per minimitzar el risc de reaccions al\u00b7l\u00e8rgiques. <strong>No contenen parabens<\/strong>.<\/p>\n<p><strong>Sostenibilitat pel medi ambient <\/strong>perqu\u00e8 estan presentats amb un sol env\u00e0s o en caixes de cartr\u00f3 reciclat per minimitzar els residus generats. A m\u00e9s tots els materials s\u00f3n reciclables i treballem amb prove\u00efdors de proximitat per acostar-nos al concepte de km 0 i reduir tamb\u00e9 la nostra petjada ecol\u00f2gica.[\/vc_column_text][\/vc_column][vc_column width=&#8221;1\/3&#8243; css=&#8221;.vc_custom_1499946909412{padding-top: 50px !important;padding-right: 50px !important;padding-bottom: 50px !important;padding-left: 50px !important;background-image: url(https:\/\/www.moodnatural.com\/wp-content\/uploads\/2017\/05\/bg-tri-09.jpg?id=459) !important;background-position: center !important;background-repeat: no-repeat !important;background-size: cover !important;}&#8221; el_class=&#8221;hover-effect&#8221;]<div id=\"idinfobox69ef200d958f6\" class=\"dfd-info-box clearfix style-01 layout-01  idinfobox69ef200d958f6 text-center hover-up-box\" ><div class=\"dfd-animate-container\"><div class=\"icon-wrapper\"><div class=\"module-icon\" ><div class=\"hover-layer\" ><\/div><i class=\"featured-icon none\" style=\"opacity:1;\" ><\/i><\/div><\/div><h2 class=\"info-box-title \" style=\"\">Ingredients<\/h2><h3 class=\"info-box-subtitle \" style=\"font-size: 24px; \">naturals i mediterranis<\/h3><div class=\"wrap-delimiter\"><div class=\"delimiter\" style=\"width:70px;border-width:2px;border-color:#eb806a;border-bottom-style:solid\"><\/div><\/div><div class=\"description\" style=\"\"><\/div><a href=\"#\"   class=\"full-box-link\"><\/a><\/div><\/div>[vc_column_text css=&#8221;.vc_custom_1506598430100{padding-top: 30px !important;padding-bottom: 30px !important;}&#8221;]<strong>A Mood Natural Barcelona <\/strong>treballem amb ingredients i extractes naturals, molts d\u2019ells provinents de plantes mediterr\u00e0nies pr\u00f2pies de la nostra terra.<\/p>\n<p>Per aix\u00f2 el logo de\u00a0Mood Natural Barcelona\u00a0\u00e9s una pinya invertida, un dels s\u00edmbols m\u00e9s antics\u00a0del Mediterrani, que significa \u201cfor\u00e7a i fortuna\u201d.<\/p>\n<p>A\u00a0determinades\u00a0\u00e0rees del Mediterrani es\u00a0regala com\u00a0a\u00a0s\u00edmbol de bona sort i, a\u00a0Mood Natural Barcelona, a m\u00e9s a m\u00e9s, est\u00e0\u00a0feta\u00a0amb\u00a0trencad\u00eds, identificatiu de Gaud\u00ed i\u00a0de Barcelona.[\/vc_column_text][\/vc_column][vc_column width=&#8221;1\/3&#8243; css=&#8221;.vc_custom_1499946982339{padding-top: 50px !important;padding-right: 50px !important;padding-bottom: 50px !important;padding-left: 50px !important;background-image: url(https:\/\/www.moodnatural.com\/wp-content\/uploads\/2017\/05\/bg-tri-10.jpg?id=460) !important;background-position: center !important;background-repeat: no-repeat !important;background-size: cover !important;}&#8221; el_class=&#8221;hover-effect&#8221;]<div id=\"idinfobox69ef200d959ad\" class=\"dfd-info-box clearfix style-01 layout-01  idinfobox69ef200d959ad text-center hover-up-box\" ><div class=\"dfd-animate-container\"><div class=\"icon-wrapper\"><div class=\"module-icon\" ><div class=\"hover-layer\" ><\/div><i class=\"featured-icon none\" style=\"opacity:1;\" ><\/i><\/div><\/div><h2 class=\"info-box-title \" style=\"\">Cuidem<\/h2><h3 class=\"info-box-subtitle \" style=\"font-size: 24px; \">l\u2019estat d\u2019\u00e0nim<\/h3><div class=\"wrap-delimiter\"><div class=\"delimiter\" style=\"width:70px;border-width:2px;border-color:#eb806a;border-bottom-style:solid\"><\/div><\/div><div class=\"description\" style=\"\"><\/div><a href=\"#\"   class=\"full-box-link\"><\/a><\/div><\/div>[vc_column_text css=&#8221;.vc_custom_1506598419773{padding-top: 30px !important;padding-bottom: 30px !important;}&#8221;]L\u2019<strong>Herba de Sant Joan<\/strong> cont\u00e9 molts principis actius que li confereixen nombroses propietats, tant per \u00fas intern com extern.<\/p>\n<p>A Mood Natural Barcelona hem volgut aprofitar els grans beneficis de l\u2019Herba de Sant Joan per afegir-la als nostres productes i dotar-los aix\u00ed d\u2019un ingredient marcadament mediterrani que t\u00e9 nombroses propietats de benestar i cura de la pell.[\/vc_column_text][\/vc_column][\/vc_row]<\/p>\n","protected":false},"excerpt":{"rendered":"<p>[vc_row force_equal_height_columns=&#8221;main_row&#8221; dfd_row_config=&#8221;full_width_content&#8221; dfd_row_responsive_enable=&#8221;off&#8221; el_class=&#8221;row-3cta row-2cta equals-cols minus-padding-on-mobile&#8221;][vc_column width=&#8221;1\/3&#8243; css=&#8221;.vc_custom_1505728724552{padding-top: 50px !important;padding-right: 50px !important;padding-bottom: 50px !important;padding-left: 50px !important;background-image: url(https:\/\/www.moodnatural.com\/wp-content\/uploads\/2017\/05\/bg-tri-17.jpg?id=666) !important;background-position: center !important;background-repeat: no-repeat !important;background-size: cover !important;}&#8221; el_class=&#8221;hover-effect&#8221;][vc_column_text css=&#8221;.vc_custom_1580288338469{padding-top: 30px !important;padding-bottom:<\/p>\n","protected":false},"author":1,"featured_media":0,"parent":0,"menu_order":0,"comment_status":"closed","ping_status":"closed","template":"page-custom-with-header.php","meta":{"_acf_changed":false,"footnotes":""},"class_list":["post-158","page","type-page","status-publish","hentry"],"acf":[],"yoast_head":"<!-- This site is optimized with the Yoast SEO plugin v24.7 - https:\/\/yoast.com\/wordpress\/plugins\/seo\/ -->\n<title>Els nostres pilars i la cosm\u00e8tica sostenible - Mood Natural<\/title>\n<meta name=\"description\" content=\"La sostenibilitat, la cosm\u00e8tica sostenible, natural i mediterr\u00e0nia i la cura de l\u2019estat d\u2019\u00e0nim s\u00f3n els pilars de Mood Natural Barcelona.\" \/>\n<meta name=\"robots\" content=\"index, follow, max-snippet:-1, max-image-preview:large, max-video-preview:-1\" \/>\n<link rel=\"canonical\" href=\"https:\/\/www.moodnatural.com\/ca\/cosmetica-sostenible\/\" \/>\n<meta property=\"og:locale\" content=\"ca_ES\" \/>\n<meta property=\"og:type\" content=\"article\" \/>\n<meta property=\"og:title\" content=\"Els nostres pilars i la cosm\u00e8tica sostenible - Mood Natural\" \/>\n<meta property=\"og:description\" content=\"La sostenibilitat, la cosm\u00e8tica sostenible, natural i mediterr\u00e0nia i la cura de l\u2019estat d\u2019\u00e0nim s\u00f3n els pilars de Mood Natural Barcelona.\" \/>\n<meta property=\"og:url\" content=\"https:\/\/www.moodnatural.com\/ca\/cosmetica-sostenible\/\" \/>\n<meta property=\"og:site_name\" content=\"Mood Natural\" \/>\n<meta property=\"article:modified_time\" content=\"2020-02-04T14:51:39+00:00\" \/>\n<meta name=\"twitter:card\" content=\"summary_large_image\" \/>\n<meta name=\"twitter:label1\" content=\"Temps estimat de lectura\" \/>\n\t<meta name=\"twitter:data1\" content=\"3 minuts\" \/>\n<script type=\"application\/ld+json\" class=\"yoast-schema-graph\">{\"@context\":\"https:\/\/schema.org\",\"@graph\":[{\"@type\":\"WebPage\",\"@id\":\"https:\/\/www.moodnatural.com\/ca\/cosmetica-sostenible\/\",\"url\":\"https:\/\/www.moodnatural.com\/ca\/cosmetica-sostenible\/\",\"name\":\"Els nostres pilars i la cosm\u00e8tica sostenible - Mood Natural\",\"isPartOf\":{\"@id\":\"https:\/\/www.moodnatural.com\/ca\/#website\"},\"datePublished\":\"2017-05-17T13:40:31+00:00\",\"dateModified\":\"2020-02-04T14:51:39+00:00\",\"description\":\"La sostenibilitat, la cosm\u00e8tica sostenible, natural i mediterr\u00e0nia i la cura de l\u2019estat d\u2019\u00e0nim s\u00f3n els pilars de Mood Natural Barcelona.\",\"breadcrumb\":{\"@id\":\"https:\/\/www.moodnatural.com\/ca\/cosmetica-sostenible\/#breadcrumb\"},\"inLanguage\":\"ca\",\"potentialAction\":[{\"@type\":\"ReadAction\",\"target\":[\"https:\/\/www.moodnatural.com\/ca\/cosmetica-sostenible\/\"]}]},{\"@type\":\"BreadcrumbList\",\"@id\":\"https:\/\/www.moodnatural.com\/ca\/cosmetica-sostenible\/#breadcrumb\",\"itemListElement\":[{\"@type\":\"ListItem\",\"position\":1,\"name\":\"Portada\",\"item\":\"https:\/\/www.moodnatural.com\/ca\/\"},{\"@type\":\"ListItem\",\"position\":2,\"name\":\"Els nostres pilars\"}]},{\"@type\":\"WebSite\",\"@id\":\"https:\/\/www.moodnatural.com\/ca\/#website\",\"url\":\"https:\/\/www.moodnatural.com\/ca\/\",\"name\":\"Mood Natural\",\"description\":\"Cosm\u00e9tica natural Barcelona\",\"publisher\":{\"@id\":\"https:\/\/www.moodnatural.com\/ca\/#organization\"},\"potentialAction\":[{\"@type\":\"SearchAction\",\"target\":{\"@type\":\"EntryPoint\",\"urlTemplate\":\"https:\/\/www.moodnatural.com\/ca\/?s={search_term_string}\"},\"query-input\":{\"@type\":\"PropertyValueSpecification\",\"valueRequired\":true,\"valueName\":\"search_term_string\"}}],\"inLanguage\":\"ca\"},{\"@type\":\"Organization\",\"@id\":\"https:\/\/www.moodnatural.com\/ca\/#organization\",\"name\":\"Mood Natural Barcelona\",\"url\":\"https:\/\/www.moodnatural.com\/ca\/\",\"logo\":{\"@type\":\"ImageObject\",\"inLanguage\":\"ca\",\"@id\":\"https:\/\/www.moodnatural.com\/ca\/#\/schema\/logo\/image\/\",\"url\":\"https:\/\/www.moodnatural.com\/wp-content\/uploads\/2017\/09\/logo-moodbarcelona-55.png\",\"contentUrl\":\"https:\/\/www.moodnatural.com\/wp-content\/uploads\/2017\/09\/logo-moodbarcelona-55.png\",\"width\":330,\"height\":55,\"caption\":\"Mood Natural Barcelona\"},\"image\":{\"@id\":\"https:\/\/www.moodnatural.com\/ca\/#\/schema\/logo\/image\/\"}}]}<\/script>\n<!-- \/ Yoast SEO plugin. -->","yoast_head_json":{"title":"Els nostres pilars i la cosm\u00e8tica sostenible - Mood Natural","description":"La sostenibilitat, la cosm\u00e8tica sostenible, natural i mediterr\u00e0nia i la cura de l\u2019estat d\u2019\u00e0nim s\u00f3n els pilars de Mood Natural Barcelona.","robots":{"index":"index","follow":"follow","max-snippet":"max-snippet:-1","max-image-preview":"max-image-preview:large","max-video-preview":"max-video-preview:-1"},"canonical":"https:\/\/www.moodnatural.com\/ca\/cosmetica-sostenible\/","og_locale":"ca_ES","og_type":"article","og_title":"Els nostres pilars i la cosm\u00e8tica sostenible - Mood Natural","og_description":"La sostenibilitat, la cosm\u00e8tica sostenible, natural i mediterr\u00e0nia i la cura de l\u2019estat d\u2019\u00e0nim s\u00f3n els pilars de Mood Natural Barcelona.","og_url":"https:\/\/www.moodnatural.com\/ca\/cosmetica-sostenible\/","og_site_name":"Mood Natural","article_modified_time":"2020-02-04T14:51:39+00:00","twitter_card":"summary_large_image","twitter_misc":{"Temps estimat de lectura":"3 minuts"},"schema":{"@context":"https:\/\/schema.org","@graph":[{"@type":"WebPage","@id":"https:\/\/www.moodnatural.com\/ca\/cosmetica-sostenible\/","url":"https:\/\/www.moodnatural.com\/ca\/cosmetica-sostenible\/","name":"Els nostres pilars i la cosm\u00e8tica sostenible - Mood Natural","isPartOf":{"@id":"https:\/\/www.moodnatural.com\/ca\/#website"},"datePublished":"2017-05-17T13:40:31+00:00","dateModified":"2020-02-04T14:51:39+00:00","description":"La sostenibilitat, la cosm\u00e8tica sostenible, natural i mediterr\u00e0nia i la cura de l\u2019estat d\u2019\u00e0nim s\u00f3n els pilars de Mood Natural Barcelona.","breadcrumb":{"@id":"https:\/\/www.moodnatural.com\/ca\/cosmetica-sostenible\/#breadcrumb"},"inLanguage":"ca","potentialAction":[{"@type":"ReadAction","target":["https:\/\/www.moodnatural.com\/ca\/cosmetica-sostenible\/"]}]},{"@type":"BreadcrumbList","@id":"https:\/\/www.moodnatural.com\/ca\/cosmetica-sostenible\/#breadcrumb","itemListElement":[{"@type":"ListItem","position":1,"name":"Portada","item":"https:\/\/www.moodnatural.com\/ca\/"},{"@type":"ListItem","position":2,"name":"Els nostres pilars"}]},{"@type":"WebSite","@id":"https:\/\/www.moodnatural.com\/ca\/#website","url":"https:\/\/www.moodnatural.com\/ca\/","name":"Mood Natural","description":"Cosm\u00e9tica natural Barcelona","publisher":{"@id":"https:\/\/www.moodnatural.com\/ca\/#organization"},"potentialAction":[{"@type":"SearchAction","target":{"@type":"EntryPoint","urlTemplate":"https:\/\/www.moodnatural.com\/ca\/?s={search_term_string}"},"query-input":{"@type":"PropertyValueSpecification","valueRequired":true,"valueName":"search_term_string"}}],"inLanguage":"ca"},{"@type":"Organization","@id":"https:\/\/www.moodnatural.com\/ca\/#organization","name":"Mood Natural Barcelona","url":"https:\/\/www.moodnatural.com\/ca\/","logo":{"@type":"ImageObject","inLanguage":"ca","@id":"https:\/\/www.moodnatural.com\/ca\/#\/schema\/logo\/image\/","url":"https:\/\/www.moodnatural.com\/wp-content\/uploads\/2017\/09\/logo-moodbarcelona-55.png","contentUrl":"https:\/\/www.moodnatural.com\/wp-content\/uploads\/2017\/09\/logo-moodbarcelona-55.png","width":330,"height":55,"caption":"Mood Natural Barcelona"},"image":{"@id":"https:\/\/www.moodnatural.com\/ca\/#\/schema\/logo\/image\/"}}]}},"_links":{"self":[{"href":"https:\/\/www.moodnatural.com\/ca\/wp-json\/wp\/v2\/pages\/158","targetHints":{"allow":["GET"]}}],"collection":[{"href":"https:\/\/www.moodnatural.com\/ca\/wp-json\/wp\/v2\/pages"}],"about":[{"href":"https:\/\/www.moodnatural.com\/ca\/wp-json\/wp\/v2\/types\/page"}],"author":[{"embeddable":true,"href":"https:\/\/www.moodnatural.com\/ca\/wp-json\/wp\/v2\/users\/1"}],"replies":[{"embeddable":true,"href":"https:\/\/www.moodnatural.com\/ca\/wp-json\/wp\/v2\/comments?post=158"}],"version-history":[{"count":0,"href":"https:\/\/www.moodnatural.com\/ca\/wp-json\/wp\/v2\/pages\/158\/revisions"}],"wp:attachment":[{"href":"https:\/\/www.moodnatural.com\/ca\/wp-json\/wp\/v2\/media?parent=158"}],"curies":[{"name":"wp","href":"https:\/\/api.w.org\/{rel}","templated":true}]}}